{"id":3,"date":"2022-02-02T13:59:09","date_gmt":"2022-02-02T13:59:09","guid":{"rendered":"https:\/\/www.scriptorsfa.com\/?page_id=3"},"modified":"2023-02-20T09:43:57","modified_gmt":"2023-02-20T09:43:57","slug":"privacy-policy","status":"publish","type":"page","link":"https:\/\/www.scriptorsfa.com\/index.php\/privacy-policy\/","title":{"rendered":"Privacy Policy"},"content":{"rendered":"<p>[et_pb_section fb_built=&#8221;1&#8243; admin_label=&#8221;section&#8221; _builder_version=&#8221;3.22&#8243;][et_pb_row admin_label=&#8221;row&#8221; _builder_version=&#8221;3.25&#8243; background_size=&#8221;initial&#8221; background_position=&#8221;top_left&#8221; background_repeat=&#8221;repeat&#8221;][et_pb_column type=&#8221;4_4&#8243; _builder_version=&#8221;3.25&#8243; custom_padding=&#8221;|||&#8221; custom_padding__hover=&#8221;|||&#8221;][et_pb_text admin_label=&#8221;Text&#8221; _builder_version=&#8221;4.9.1&#8243; background_size=&#8221;initial&#8221; background_position=&#8221;top_left&#8221; background_repeat=&#8221;repeat&#8221; hover_enabled=&#8221;0&#8243; sticky_enabled=&#8221;0&#8243;]<\/p>\n<p>ADATKEZEL\u00c9SI T\u00c1J\u00c9KOZTAT\u00d3<\/p>\n<ol>\n<li><strong> ADATKEZEL\u0150<\/strong><\/li>\n<\/ol>\n<p><strong>C\u00e9g neve:\u00a0\u00a0\u00a0\u00a0\u00a0\u00a0 <\/strong>17. sz. Programoz\u00f3hivatal Kft.<\/p>\n<p><strong>Sz\u00e9khelye: \u00a0\u00a0\u00a0 <\/strong>1172 Budapest, J\u00e1szlad\u00e1ny u. 24.<\/p>\n<p><strong>Telephelye:\u00a0\u00a0\u00a0 <\/strong>1033 Budapest, H\u00e9v\u00edzi \u00fat 1\/A<\/p>\n<p><strong>Telefonsz\u00e1ma: \u00a0\u00a0\u00a0\u00a0\u00a0\u00a0\u00a0\u00a0\u00a0 <\/strong>36 1 413 72 34<\/p>\n<p><strong>Ad\u00f3sz\u00e1m: \u00a0\u00a0\u00a0\u00a0\u00a0 \u00a0\u00a0\u00a0\u00a0\u00a0\u00a0\u00a0\u00a0\u00a0\u00a0\u00a0 <\/strong>12708413-2-42<\/p>\n<p><strong>C\u00e9gjegyz\u00e9k sz\u00e1m: \u00a0\u00a0\u00a0 <\/strong>01-09-699550<\/p>\n<p><strong>T\u00f6rv\u00e9nyes fel\u00fcgyeleti szerv: \u00a0\u00a0\u00a0\u00a0\u00a0\u00a0\u00a0\u00a0\u00a0 <\/strong>C\u00e9gb\u00edr\u00f3s\u00e1g<\/p>\n<p><strong>Adatv\u00e9delmi tisztvisel\u0151 N\u00e9v:\u00a0\u00a0\u00a0\u00a0\u00a0\u00a0\u00a0\u00a0\u00a0\u00a0 <\/strong>Csery Anita<\/p>\n<p><strong>Telefonsz\u00e1m: \u00a0\u00a0\u00a0\u00a0\u00a0\u00a0\u00a0\u00a0\u00a0\u00a0\u00a0\u00a0\u00a0\u00a0\u00a0\u00a0\u00a0\u00a0\u00a0\u00a0\u00a0\u00a0\u00a0\u00a0\u00a0\u00a0\u00a0\u00a0\u00a0\u00a0\u00a0\u00a0\u00a0\u00a0\u00a0 <\/strong>70\/453-2750<\/p>\n<p><strong>E-mail:\u00a0\u00a0\u00a0\u00a0\u00a0\u00a0\u00a0\u00a0\u00a0\u00a0 \u00a0\u00a0\u00a0\u00a0\u00a0\u00a0\u00a0\u00a0\u00a0\u00a0\u00a0\u00a0\u00a0\u00a0\u00a0\u00a0\u00a0\u00a0\u00a0\u00a0\u00a0\u00a0\u00a0\u00a0\u00a0\u00a0\u00a0\u00a0\u00a0\u00a0\u00a0\u00a0\u00a0\u00a0\u00a0 <\/strong>adatvedelem@17.hu<\/p>\n<p>&nbsp;<\/p>\n<ol start=\"2\">\n<li><strong> Alapelvek, t\u00f6rv\u00e9nyek<\/strong><\/li>\n<\/ol>\n<p><strong>2.1. Jogszab\u00e1lyok<\/strong><\/p>\n<p>&#8211; <strong>GDPR (\u00e1ltal\u00e1nos adatv\u00e9delmi rendelet)<\/strong> &#8211; AZ EUR\u00d3PAI PARLAMENT \u00c9S A TAN\u00c1CS (EU) 2016\/679 RENDELETE (2016. \u00e1prilis 27.) a term\u00e9szetes szem\u00e9lyeknek a szem\u00e9lyes adatok kezel\u00e9se tekintet\u00e9ben t\u00f6rt\u00e9n\u0151 v\u00e9delm\u00e9r\u0151l \u00e9s az ilyen adatok szabad \u00e1raml\u00e1s\u00e1r\u00f3l, valamint a 95\/46\/EK rendelet hat\u00e1lyon k\u00edv\u00fcl helyez\u00e9s\u00e9r\u0151l)<\/p>\n<p>&#8211; <strong>Adatv\u00e9delmi t\u00f6rv\u00e9ny<\/strong> &#8211; Az inform\u00e1ci\u00f3s \u00f6nrendelkez\u00e9si jogr\u00f3l, \u00e9s az inform\u00e1ci\u00f3szabads\u00e1gr\u00f3l sz\u00f3l\u00f3 2011. \u00e9vi CXII. t\u00f6rv\u00e9ny \u00e9s a v\u00e9grehajt\u00e1s\u00e1ra kiadott jogszab\u00e1lyok<\/p>\n<p><strong>2.2. Adatkezel\u00e9s sor\u00e1n k\u00f6vetett alapelvek:<\/strong><\/p>\n<ol>\n<li>a) Szem\u00e9lyes adatot kiz\u00e1r\u00f3lag jelen t\u00e1j\u00e9koztat\u00f3ban meghat\u00e1rozott c\u00e9lb\u00f3l \u00e9s ideig kezel\u00fcnk. Csak olyan szem\u00e9lyes adatot kezel\u00fcnk, amely az adatkezel\u00e9s c\u00e9lj\u00e1nak megval\u00f3sul\u00e1s\u00e1hoz elengedhetetlen \u00e9s a c\u00e9l el\u00e9r\u00e9s\u00e9re alkalmas.<\/li>\n<li>b) Az adatkezel\u00e9s sor\u00e1n a tudom\u00e1sunkra jutott szem\u00e9lyes adatokat a 17.sz. Programoz\u00f3hivatal Kft-vel munkaviszonyban \u00e1ll\u00f3 szem\u00e9lyek k\u00f6z\u00fcl csak azok ismerhetik meg, akiknek az adott adatkezel\u00e9ssel kapcsolatban feladatuk van.<\/li>\n<\/ol>\n<p>&nbsp;<\/p>\n<ol start=\"3\">\n<li><strong> Fogalom meghat\u00e1roz\u00e1sok, r\u00f6vid\u00edt\u00e9sek<\/strong><\/li>\n<\/ol>\n<p>\u201e<strong>szem\u00e9lyes adat<\/strong>\u201d: azonos\u00edtott vagy azonos\u00edthat\u00f3 term\u00e9szetes szem\u00e9lyre (\u201e\u00e9rintett\u201d) vonatkoz\u00f3 b\u00e1rmely inform\u00e1ci\u00f3; azonos\u00edthat\u00f3 az a term\u00e9szetes szem\u00e9ly, aki k\u00f6zvetlen vagy k\u00f6zvetett m\u00f3don, k\u00fcl\u00f6n\u00f6sen valamely azonos\u00edt\u00f3, p\u00e9ld\u00e1ul n\u00e9v, sz\u00e1m, helymeghat\u00e1roz\u00f3 adat, online azonos\u00edt\u00f3 vagy a term\u00e9szetes szem\u00e9ly testi, fiziol\u00f3giai, genetikai, szellemi, gazdas\u00e1gi, kultur\u00e1lis vagy szoci\u00e1lis azonoss\u00e1g\u00e1ra vonatkoz\u00f3 egy vagy t\u00f6bb t\u00e9nyez\u0151 alapj\u00e1n azonos\u00edthat\u00f3;<\/p>\n<p><strong>\u201e\u00e9rintett\u201d<\/strong>: azonos\u00edthat\u00f3 term\u00e9szetes szem\u00e9ly, akire az adott szem\u00e9lyes adat vonatkozik.<\/p>\n<p><strong>\u201eadatkezel\u00e9s\u201d<\/strong>: a szem\u00e9lyes adatokon vagy adat\u00e1llom\u00e1nyokon automatiz\u00e1lt vagy nem automatiz\u00e1lt m\u00f3don v\u00e9gzett b\u00e1rmely m\u0171velet vagy m\u0171veletek \u00f6sszess\u00e9ge, \u00edgy a gy\u0171jt\u00e9s, r\u00f6gz\u00edt\u00e9s, rendszerez\u00e9s, tagol\u00e1s, t\u00e1rol\u00e1s, \u00e1talak\u00edt\u00e1s vagy megv\u00e1ltoztat\u00e1s, lek\u00e9rdez\u00e9s, betekint\u00e9s, felhaszn\u00e1l\u00e1s, k\u00f6zl\u00e9s tov\u00e1bb\u00edt\u00e1s, terjeszt\u00e9s vagy egy\u00e9b m\u00f3don t\u00f6rt\u00e9n\u0151 hozz\u00e1f\u00e9rhet\u0151v\u00e9 t\u00e9tel \u00fatj\u00e1n, \u00f6sszehangol\u00e1s vagy \u00f6sszekapcsol\u00e1s, korl\u00e1toz\u00e1s, t\u00f6rl\u00e9s, illetve megsemmis\u00edt\u00e9s;<\/p>\n<p><strong>\u201eadatkezel\u00e9s korl\u00e1toz\u00e1sa\u201d<\/strong>: a t\u00e1rolt szem\u00e9lyes adatok megjel\u00f6l\u00e9se j\u00f6v\u0151beli kezel\u00e9s\u00fck korl\u00e1toz\u00e1sa c\u00e9lj\u00e1b\u00f3l;<\/p>\n<p><strong>\u201eadatkezel\u0151\u201d<\/strong>: az a term\u00e9szetes vagy jogi szem\u00e9ly, k\u00f6zhatalmi szerv, \u00fcgyn\u00f6ks\u00e9g vagy b\u00e1rmely egy\u00e9b szerv, amely a szem\u00e9lyes adatok kezel\u00e9s\u00e9nek c\u00e9ljait \u00e9s eszk\u00f6zeit \u00f6n\u00e1ll\u00f3an vagy m\u00e1sokkal egy\u00fctt meghat\u00e1rozza; ha az adatkezel\u00e9s c\u00e9ljait \u00e9s eszk\u00f6zeit az uni\u00f3s vagy a tag\u00e1llami jog hat\u00e1rozza meg, az adatkezel\u0151t vagy az adatkezel\u0151 kijel\u00f6l\u00e9s\u00e9re vonatkoz\u00f3 k\u00fcl\u00f6n\u00f6s szempontokat az uni\u00f3s vagy a tag\u00e1llami jog is meghat\u00e1rozhatja;<\/p>\n<p><strong>\u201eadatfeldolgoz\u00e1s\u201d<\/strong>: az adatkezel\u00e9si m\u0171veletekhez kapcsol\u00f3d\u00f3 feladatok elv\u00e9gz\u00e9se;<\/p>\n<p><strong>\u201eadatfeldolgoz\u00f3\u201d<\/strong>: az a term\u00e9szetes vagy jogi szem\u00e9ly, k\u00f6zhatalmi szerv, \u00fcgyn\u00f6ks\u00e9g vagy b\u00e1rmely egy\u00e9b szerv, amely az adatkezel\u0151 nev\u00e9ben szem\u00e9lyes adatokat kezel;<\/p>\n<p><strong>\u201eprofilalkot\u00e1s\u201d<\/strong>: szem\u00e9lyes adatok automatiz\u00e1lt kezel\u00e9s\u00e9nek b\u00e1rmely olyan form\u00e1ja, amelynek sor\u00e1n a szem\u00e9lyes adatokat valamely term\u00e9szetes szem\u00e9lyhez f\u0171z\u0151d\u0151 bizonyos szem\u00e9lyes jellemz\u0151k \u00e9rt\u00e9kel\u00e9s\u00e9re, k\u00fcl\u00f6n\u00f6sen a munkahelyi teljes\u00edtm\u00e9nyhez, gazdas\u00e1gi helyzethez, eg\u00e9szs\u00e9gi \u00e1llapothoz, szem\u00e9lyes preferenci\u00e1khoz, \u00e9rdekl\u0151d\u00e9shez, megb\u00edzhat\u00f3s\u00e1ghoz, viselked\u00e9shez, tart\u00f3zkod\u00e1si helyhez vagy mozg\u00e1shoz kapcsol\u00f3d\u00f3 jellemz\u0151k elemz\u00e9s\u00e9re vagy el\u0151rejelz\u00e9s\u00e9re haszn\u00e1lj\u00e1k;<\/p>\n<p><strong>\u201eharmadik f\u00e9l\u201d<\/strong>: az a term\u00e9szetes vagy jogi szem\u00e9ly, k\u00f6zhatalmi szerv, \u00fcgyn\u00f6ks\u00e9g vagy b\u00e1rmely egy\u00e9b szerv, amely nem azonos az \u00e9rintettel, az adatkezel\u0151vel, az adatfeldolgoz\u00f3val vagy azokkal a szem\u00e9lyekkel, akik az adatkezel\u0151 vagy adatfeldolgoz\u00f3 k\u00f6zvetlen ir\u00e1ny\u00edt\u00e1sa alatt a szem\u00e9lyes adatok kezel\u00e9s\u00e9re felhatalmaz\u00e1st kaptak;<\/p>\n<p><strong>\u201eaz \u00e9rintett hozz\u00e1j\u00e1rul\u00e1sa\u201d<\/strong>: az \u00e9rintett akarat\u00e1nak \u00f6nk\u00e9ntes, konkr\u00e9t \u00e9s megfelel\u0151 t\u00e1j\u00e9koztat\u00e1son alapul\u00f3 \u00e9s egy\u00e9rtelm\u0171 kinyilv\u00e1n\u00edt\u00e1sa, amellyel az \u00e9rintett nyilatkozat vagy a meger\u0151s\u00edt\u00e9st f\u00e9lre\u00e9rthetetlen\u00fcl kifejez\u0151 cselekedet \u00fatj\u00e1n jelzi, hogy beleegyez\u00e9s\u00e9t adja az \u0151t \u00e9rint\u0151 szem\u00e9lyes adatok kezel\u00e9s\u00e9hez;<\/p>\n<p><strong>\u201eadatv\u00e9delmi incidens\u201d<\/strong><strong>:<\/strong> a biztons\u00e1g olyan s\u00e9r\u00fcl\u00e9se, amely a tov\u00e1bb\u00edtott, t\u00e1rolt vagy m\u00e1s m\u00f3don kezelt szem\u00e9lyes adatok v\u00e9letlen vagy jogellenes megsemmis\u00edt\u00e9s\u00e9t, elveszt\u00e9s\u00e9t, megv\u00e1ltoztat\u00e1s\u00e1t, jogosulatlan k\u00f6zl\u00e9s\u00e9t vagy az azokhoz val\u00f3 jogosulatlan hozz\u00e1f\u00e9r\u00e9st eredm\u00e9nyezi;<\/p>\n<p><strong>\u201ecookie\u201d (s\u00fcti): <\/strong>A szolg\u00e1ltat\u00f3k cookie-kat alkalmaznak annak \u00e9rdek\u00e9ben, hogy megismerj\u00e9k a felhaszn\u00e1l\u00f3k \u00e9rdekl\u0151d\u00e9s\u00e9t. A honlapok (weboldalak) b\u00f6ng\u00e9sz\u00e9se sor\u00e1n a szolg\u00e1ltat\u00f3k cookie-kat helyeznek el a felhaszn\u00e1l\u00f3k sz\u00e1m\u00edt\u00f3g\u00e9p\u00e9n (vagy mobil eszk\u00f6z\u00e9n) tal\u00e1lhat\u00f3 b\u00f6ng\u00e9sz\u0151j\u00e9ben. A cookie-k c\u00e9lja, hogy lehet\u0151v\u00e9 tegy\u00e9k a szolg\u00e1ltat\u00f3k sz\u00e1m\u00e1ra, hogy a felhaszn\u00e1l\u00f3knak szem\u00e9lyre szabottabb webes tartalmakat tegyenek el\u00e9rhet\u0151v\u00e9, amelyek n\u00f6velik a felhaszn\u00e1l\u00f3i \u00e9lm\u00e9nyt a weboldalak haszn\u00e1lata sor\u00e1n. A cookie-k nem \u00e1rtalmasok a felhaszn\u00e1l\u00f3k sz\u00e1m\u00edt\u00f3g\u00e9p\u00e9re (vagy mobil eszk\u00f6z\u00e9re), \u00e9s nem tartalmaznak olyan inform\u00e1ci\u00f3t, amelynek seg\u00edts\u00e9g\u00e9vel m\u00e1s azonos\u00edthatn\u00e1 a felhaszn\u00e1l\u00f3k szem\u00e9ly\u00e9t vagy szem\u00e9lyes adatait.<\/p>\n<p>&nbsp;<\/p>\n<ol start=\"4\">\n<li><strong> Szem\u00e9lyes adatok k\u00f6re<\/strong><\/li>\n<\/ol>\n<p><strong>4.1. <\/strong><a href=\"http:\/\/www.17.hu\">www.17.hu<\/a><strong> \u00e9s <\/strong>www.scriptorsfa.com<strong> weboldalak<\/strong><\/p>\n<p>A weboldalak b\u00f6ng\u00e9sz\u00e9se sor\u00e1n a szolg\u00e1ltat\u00f3 \u00e1ltal haszn\u00e1lt cookie-k:<\/p>\n<ul>\n<li>munkamenet (session) cookie-k, amelyek a b\u00f6ng\u00e9sz\u0151 bez\u00e1r\u00e1sakor t\u00f6rl\u0151dnek. kiemelten fontosak a weboldallal kapcsolatos alkalmaz\u00e1sok megfelel\u0151 m\u0171k\u00f6d\u00e9s\u00e9hez.<\/li>\n<li>\u00e1lland\u00f3 (mentett) cookie-k, Az \u00e1lland\u00f3 cookie-k \u00e9rv\u00e9nyess\u00e9gi ideje 30 nap. Az \u00e9rv\u00e9nyess\u00e9gi ideig a mentett s\u00fctik a felhaszn\u00e1l\u00f3 sz\u00e1m\u00edt\u00f3g\u00e9p\u00e9nek merevlemez\u00e9n t\u00e1rol\u00f3dnak, azonban az el\u0151re meghat\u00e1rozott hat\u00e1rid\u0151k lej\u00e1rta el\u0151tt a felhaszn\u00e1l\u00f3 t\u00f6r\u00f6lheti \u0151ket.<\/li>\n<li>Harmadik szem\u00e9lyek \u00e1ltal haszn\u00e1lt cookie-k: a szolg\u00e1ltat\u00f3 ig\u00e9nybe veszi a Google Analytics, Google AdSense, Facebook, Hotjar analitikai szolg\u00e1latait is, amelyek cookie-kat helyezhetnek el a elhaszn\u00e1l\u00f3k sz\u00e1m\u00edt\u00f3g\u00e9p\u00e9n az\u00e9rt, hogy el\u0151seg\u00edtse szolg\u00e1ltat\u00f3 honlapj\u00e1hoz kapcsol\u00f3d\u00f3 felhaszn\u00e1l\u00f3i aktivit\u00e1s elemz\u00e9s\u00e9t. A felhaszn\u00e1l\u00f3k a Google hirdet\u00e9sek kikapcsol\u00e1s\u00e1ra l\u00e9trehozott oldalon tilthatj\u00e1k le a Google cookie-k haszn\u00e1lat\u00e1t.<\/li>\n<\/ul>\n<p>&nbsp;<\/p>\n<p>A cookie-t a felhaszn\u00e1l\u00f3k t\u00f6r\u00f6lhetik saj\u00e1t sz\u00e1m\u00edt\u00f3g\u00e9p\u00fckr\u0151l (mobil eszk\u00f6z\u00fckr\u0151l), illetve lehet\u0151s\u00e9g\u00fck van a b\u00f6ng\u00e9sz\u0151ben a cookie-k alkalmaz\u00e1s\u00e1nak, telep\u00edt\u00e9s\u00e9nek tilt\u00e1s\u00e1ra. Ebben az esetben azonban nem minden funkci\u00f3 m\u0171k\u00f6dik megfelel\u0151en, vagy cs\u00f6kkenhet a felhaszn\u00e1l\u00f3i \u00e9lm\u00e9ny.<\/p>\n<p>A cookie-k kezel\u00e9s\u00e9re rendszerint a b\u00f6ng\u00e9sz\u0151k Eszk\u00f6z\u00f6k\/Be\u00e1ll\u00edt\u00e1sok men\u00fcpontj\u00e1ban, az adatv\u00e9delmi be\u00e1ll\u00edt\u00e1sokban van lehet\u0151s\u00e9g.<\/p>\n<p>&nbsp;<\/p>\n<p><u>Adatkezel\u00e9s c\u00e9lja: <\/u>\u00a0Cookie-k t\u00e1rol\u00e1sa<\/p>\n<p><u>Az adatkezel\u00e9s ideje:<\/u> Munkamenet cookie-k eset\u00e9n a b\u00f6ng\u00e9sz\u0151 bez\u00e1r\u00e1sa, mentett cookie-k eset\u00e9n 30 nap.<\/p>\n<p><u>Az adatkezel\u00e9s jogalapja:<\/u> Az \u00d6n hozz\u00e1j\u00e1rul\u00e1sa. A weboldal legels\u0151 megnyit\u00e1sakor felj\u00f6n egy elfogad\u00f3 nyilatkozat. Az elfogad\u00e1s t\u00e9ny\u00e9t is cookie-ban t\u00e1roljuk, \u00edgy ugyanazon eszk\u00f6z\u00f6n \u00e9s b\u00f6ng\u00e9sz\u0151ben az oldalt t\u00f6bbsz\u00f6r megnyitva ez a sz\u00f6veg nem jelenik meg az t\u00f6bb\u00e9.<\/p>\n<p>Kezelt adatok k\u00f6re:<\/p>\n<ul>\n<li>A weboldalak nem mentenek Cookie-kat<\/li>\n<\/ul>\n<p>&nbsp;<\/p>\n<p><strong>4.2. Kapcsolatfelv\u00e9tel weboldalon kereszt\u00fcl vagy e-mail c\u00edmeinken<\/strong><\/p>\n<p>B\u00e1rmely el\u00e9rhet\u0151s\u00e9g\u00fcnk\u00f6n kapcsolatba l\u00e9phet vel\u00fcnk (e-mailben, telefonon vagy postai \u00faton). A weboldalon vagy e-mail c\u00edmeinken kapott \u00fczenetekben a vel\u00fcnk megosztott szem\u00e9lyes adatainak adatkezel\u00e9s\u00e9hez val\u00f3 hozz\u00e1j\u00e1rul\u00e1s\u00e1t v\u00e9lelmezz\u00fck.<\/p>\n<p><u>Adatkezel\u00e9s c\u00e9lja: <\/u>Kapcsolattart\u00e1s a megkeres\u0151vel \u00e9s a k\u00e9rd\u00e9s\/k\u00e9r\u00e9s megv\u00e1laszol\u00e1sa, illetve megold\u00e1sa.<\/p>\n<p><u>Az adatkezel\u00e9s ideje:<\/u> Az \u00fczeneteket \u00e9s az \u00edgy megkapott szem\u00e9lyes adatokat a visszakereshet\u0151s\u00e9g \u00e9rdek\u00e9ben nem t\u00f6r\u00f6lj\u00fck. Amennyiben az olyan \u00e9rz\u00e9keny szem\u00e9lyes adatokat tartalmaz, minden esetben egyedileg vizsg\u00e1ljuk, \u00e9s csak a felt\u00e9tlen\u00fcl sz\u00fcks\u00e9ges ideig t\u00e1roljuk.<\/p>\n<p>Weboldalunkon kereszt\u00fcl \u00fczenet\u00e9t csak akkor tudja elk\u00fcldeni nek\u00fcnk, ha elolvasta \u00e9s elfogadta az Adatv\u00e9delmi t\u00e1j\u00e9koztat\u00f3nkat.<\/p>\n<p><u>Az adatkezel\u00e9s jogalapja:<\/u> Az \u00d6n hozz\u00e1j\u00e1rul\u00e1sa.<\/p>\n<p><u>Kezelt adatok k\u00f6re: <\/u>az \u00fczenetben szerepl\u0151 szem\u00e9lyes adatok, mely a kapcsolattart\u00e1shoz sz\u00fcks\u00e9ges (n\u00e9v, e-mail c\u00edm, telefonsz\u00e1m, stb)<\/p>\n<p>&nbsp;<\/p>\n<p><strong>4.3. Kapcsolatfelv\u00e9tel koll\u00e9g\u00e1inkkal a call centeren kereszt\u00fcl<\/strong><\/p>\n<p><u>Adatkezel\u00e9s c\u00e9lja:<\/u> \u00a0A 17.sz. Programoz\u00f3hivatal Kft. a call centerben mind a bej\u00f6v\u0151, mind a kimen\u0151 telefonbesz\u00e9lget\u00e9seket r\u00f6gz\u00edti \u00e9s napl\u00f3zza, melynek c\u00e9lja: szakmai seg\u00edts\u00e9gny\u00fajt\u00e1s az \u00fcgyfeleknek, illetve az \u00fcgyfelek \u00e9s az adatkezel\u0151 jogainak \u00e9rv\u00e9nyes\u00edt\u00e9se, az esetleges jogvit\u00e1k eld\u00f6nt\u00e9s\u00e9t szolg\u00e1l\u00f3 bizony\u00edt\u00e9k biztos\u00edt\u00e1sa, az ut\u00f3lagos bizony\u00edthat\u00f3s\u00e1g \u00e9s a k\u00f6vetel\u00e9s esetleges behajthatatlans\u00e1g\u00e1t al\u00e1t\u00e1maszt\u00f3 bizony\u00edt\u00e9k szolg\u00e1ltat\u00e1sa, valamint a meg\u00e1llapod\u00e1sok ut\u00f3lagos bizony\u00edt\u00e1sa, min\u0151s\u00e9gbiztos\u00edt\u00e1s, jogszab\u00e1lyi k\u00f6telezetts\u00e9g teljes\u00edt\u00e9se.<\/p>\n<p>Adatkezel\u00e9s ideje: 30 nap<\/p>\n<p>Adatkezel\u00e9s jogalapja: Az \u00e9rintett hozz\u00e1j\u00e1rul\u00e1sa<\/p>\n<p><u>Kezelt adatok k\u00f6re: <\/u>azok a szem\u00e9lyes adatok, mely a kapcsolattart\u00e1shoz sz\u00fcks\u00e9gesek (n\u00e9v, e-mail c\u00edm, telefonsz\u00e1m, stb)<\/p>\n<p>Bej\u00f6v\u0151 h\u00edv\u00e1sok eset\u00e9n az al\u00e1bbi t\u00e1j\u00e9koztat\u00e1st mondja be automatikusan a Call center (miel\u0151tt a h\u00edv\u00e1st kezdem\u00e9nyez\u0151 f\u00e9l a supportos koll\u00e9g\u00e1val besz\u00e9lne):<br \/>Felh\u00edvjuk a figyelm\u00e9t, hogy \u00fcgyint\u00e9z\u0151nkkel folytatott besz\u00e9lget\u00e9s\u00e9t min\u0151s\u00e9gbiztos\u00edt\u00e1si \u00e9s inform\u00e1ci\u00f3biztons\u00e1gi okokb\u00f3l, valamint a sz\u00f3beli nyilatkozatok v\u00e9delme \u00e9s reproduk\u00e1lhat\u00f3s\u00e1ga \u00e9rdek\u00e9ben r\u00f6gz\u00edtj\u00fck, \u00e9s a hangfelv\u00e9telt a besz\u00e9lget\u00e9s sor\u00e1n megadott szem\u00e9lyes adataival egy\u00fctt 30 napig meg\u0151rizz\u00fck. Az \u00d6n szem\u00e9lyes adatainak kezel\u0151je a 17.sz. Programoz\u00f3hivatal Kft. Az adatkezel\u00e9s jogalapja az \u00d6n \u00f6nk\u00e9ntes hozz\u00e1j\u00e1rul\u00e1sa.<\/p>\n<p>Ammenyiben a besz\u00e9lget\u00e9s r\u00f6gz\u00edt\u00e9s\u00e9hez nem j\u00e1rul hozz\u00e1, \u00fagy k\u00e9rj\u00fck keressen meg benn\u00fcnket szem\u00e9lyesen a 1033 Budapest, H\u00e9v\u00edzi \u00fat 1\/A c\u00edmen munkaid\u0151ben (h\u00e9tk\u00f6znap 8:00-16:30-ig) vagy \u00edr\u00e1sban a <a href=\"mailto:support@17.hu\">support@17.hu<\/a> e-mail c\u00edmen.<\/p>\n<p>&nbsp;<\/p>\n<p><strong>4.4. Ha \u00e1ll\u00e1sra jelentkezik<\/strong><\/p>\n<p>Amennyiben a weboldalunkon, e-mailben vagy postai \u00faton \u00e1ll\u00e1sra jelentkezik (\u00e1ll\u00e1shirdet\u00e9s \u00fatj\u00e1n, vagy att\u00f3l f\u00fcggetlen\u00fcl) a hozz\u00e1j\u00e1rul\u00e1s\u00e1t az adatkezel\u00e9shez v\u00e9lelmezz\u00fck.<\/p>\n<p><u>Az adatkezel\u00e9s jogalapja:<\/u> Az \u00d6n hozz\u00e1j\u00e1rul\u00e1sa.<\/p>\n<p><u>Az adatkezel\u00e9s c\u00e9lja:<\/u> Kapcsolattart\u00e1s az \u00e1ll\u00e1sokra jelentkez\u0151kkel \u00e9s a megfelel\u0151 jelentkez\u0151k kiv\u00e1laszt\u00e1sa.<\/p>\n<p><u>Az adatkezel\u00e9s ideje:<\/u><\/p>\n<p><strong>A konkr\u00e9t \u00e1ll\u00e1shirdet\u00e9sre<\/strong> jelentkez\u0151k \u00f6n\u00e9letrajzai \u00e9s a jelentkez\u00e9ssel kapcsolatban megk\u00fcld\u00f6tt szem\u00e9lyes adatok \u00e9s dokumentumok az \u00e1ll\u00e1st bet\u00f6lt\u0151 szem\u00e9ly kiv\u00e1laszt\u00e1sa ut\u00e1n az al\u00e1bbiak szerint kezelj\u00fck:<\/p>\n<p>&#8211; a sikertelen p\u00e1ly\u00e1z\u00f3t e-mailben vagy pap\u00edralapon megk\u00e9rdezz\u00fck, hogy k\u00edv\u00e1nja-e, hogy az adatb\u00e1zisunkban tov\u00e1bbi egy \u00e9vig t\u00e1roljuk a jelentkez\u00e9s\u00e9t \u00e9s \u00e1ll\u00e1slehet\u0151s\u00e9g eset\u00e9n megkeress\u00fck. Amennyiben 30 napon bel\u00fcl nemleges v\u00e1lasz \u00e9rkezik, vagy nem \u00e9rkezik v\u00e1lasz, a jelentkez\u00e9st \u00e9s a p\u00e1ly\u00e1z\u00f3 adatait t\u00f6r\u00f6lj\u00fck a rendszerb\u0151l.<\/p>\n<p>&#8211; a sikeres p\u00e1ly\u00e1z\u00f3 adatait \u00e1ttessz\u00fck a munkav\u00e1llal\u00f3k adatai k\u00f6z\u00e9, \u00e9s t\u00f6r\u00f6lj\u00fck a jelentkez\u0151k adatb\u00e1zis\u00e1b\u00f3l.<\/p>\n<p>Az \u00e1ltal\u00e1nos <strong>nem konkr\u00e9t \u00e1ll\u00e1shirdet\u00e9sre vonatkoz\u00f3 postai \u00faton, vagy e-mailben<\/strong> eljuttatott jelentkez\u00e9st az adatb\u00e1zisunkban egy \u00e9vig t\u00e1roljuk. Egy \u00e9v eltelt\u00e9vel a megadott \u00f6n\u00e9letrajz \u00e9s egy\u00e9b szem\u00e9lyes adatok t\u00f6rl\u00e9sre ker\u00fclnek.<\/p>\n<p>A fentiekt\u0151l f\u00fcggetlen\u00fcl \u00d6n b\u00e1rmikor k\u00e9rheti a szem\u00e9lyes adatai t\u00f6rl\u00e9s\u00e9t, az ilyen jelz\u00e9s eset\u00e9n a megadott szem\u00e9lyes adatokat azonnal t\u00f6r\u00f6lj\u00fck az adatb\u00e1zisunkb\u00f3l.<\/p>\n<p><u>Kezelt adatok k\u00f6re: <\/u>a megadott szem\u00e9lyes adatok, mely a munkaer\u0151 felv\u00e9telhez sz\u00fcks\u00e9gesek (n\u00e9v, e-mail c\u00edm, telefonsz\u00e1m, v\u00e9gzetts\u00e9g, szakmai tapasztalat, stb.)<\/p>\n<ol start=\"5\">\n<li><strong> \u00c9rintetti jogok<\/strong><\/li>\n<\/ol>\n<p>Az adatkezel\u00e9s kapcs\u00e1n az 5.1.-5.7. pontokban r\u00e9szletezett jogok illetik meg. Amennyiben \u00e9lni szeretne valamelyikkel, k\u00e9rj\u00fck, hogy azt \u00edrja meg nek\u00fcnk az al\u00e1bbi el\u00e9rhet\u0151s\u00e9gek egyik\u00e9re:<\/p>\n<p>c\u00edm: 1033 Budapest H\u00e9v\u00edzi \u00fat 1\/A<\/p>\n<p>e-mail c\u00edm: adatvedelem@17.hu<\/p>\n<p>A k\u00e9r\u00e9se teljes\u00edt\u00e9se el\u0151tt minden esetben azonos\u00edtanunk kell az \u00d6n szem\u00e9lyazonoss\u00e1g\u00e1t. Ha nem tudjuk \u00d6nt azonos\u00edtani, sajnos nem teljes\u00edthetj\u00fck a k\u00e9r\u00e9s\u00e9t.<\/p>\n<p>Az azonos\u00edt\u00e1st k\u00f6vet\u0151en \u00edr\u00e1sban, elektronikusan, vagy az &#8211; \u00d6n k\u00e9r\u00e9s\u00e9re &#8211; sz\u00f3ban ny\u00fajtunk t\u00e1j\u00e9koztat\u00e1st a k\u00e9r\u00e9ssel kapcsolatban. Amennyiben elektronikus \u00faton ny\u00fajtotta be a k\u00e9relmet, mi elektronikus \u00faton fogunk v\u00e1laszolni, de ebben az esetben is van lehet\u0151s\u00e9ge m\u00e1s m\u00f3dot k\u00e9rni.<\/p>\n<p>Legk\u00e9s\u0151bb a k\u00e9r\u00e9s be\u00e9rkez\u00e9s\u00e9t\u0151l sz\u00e1m\u00edtott 1 h\u00f3napon bel\u00fcl t\u00e1j\u00e9koztatjuk \u00d6nt a k\u00e9r\u00e9se nyom\u00e1n hozott int\u00e9zked\u00e9sekr\u0151l. Sz\u00fcks\u00e9g eset\u00e9n, figyelembe v\u00e9ve a k\u00e9relem \u00f6sszetetts\u00e9g\u00e9t \u00e9s a k\u00e9relmek sz\u00e1m\u00e1t, ez a hat\u00e1rid\u0151 tov\u00e1bbi 1 h\u00f3nappal meghosszabb\u00edthat\u00f3, amir\u0151l m\u00e9g az egy h\u00f3napos \u00fcgyint\u00e9z\u00e9si hat\u00e1rid\u0151n bel\u00fcl t\u00e1j\u00e9koztatjuk \u00d6nt.<\/p>\n<p>K\u00f6teless\u00e9g\u00fcnk \u00d6nt az int\u00e9zked\u00e9s elmarad\u00e1s\u00e1r\u00f3l is t\u00e1j\u00e9koztatni az 1 h\u00f3napos \u00fcgyint\u00e9z\u00e9si hat\u00e1rid\u0151n bel\u00fcl. Ez ellen panaszt ny\u00fajthat be a NAIH-n\u00e1l (6.1. pont), \u00e9s \u00e9lhet b\u00edr\u00f3s\u00e1gi jogorvoslati jog\u00e1val (6.2. pont).<\/p>\n<p>A k\u00e9rt t\u00e1j\u00e9koztat\u00e1s \u00e9s int\u00e9zked\u00e9s d\u00edjmentes. Kiv\u00e9telt k\u00e9pez az az eset, ha a k\u00e9r\u00e9s egy\u00e9rtelm\u0171en megalapozatlan vagy \u2013 k\u00fcl\u00f6n\u00f6sen ism\u00e9tl\u0151d\u0151 jellege miatt \u2013 t\u00falz\u00f3. Ebben az esetben d\u00edjat sz\u00e1molhatunk fel, vagy megtagadhatjuk a k\u00e9r\u00e9s teljes\u00edt\u00e9s\u00e9t.<\/p>\n<p><strong>5.1. Hozz\u00e1j\u00e1rul\u00e1s visszavon\u00e1sa<\/strong><\/p>\n<p>A hozz\u00e1j\u00e1rul\u00e1sa alapj\u00e1n v\u00e9gzett adatkezel\u00e9sek eset\u00e9n b\u00e1rmikor visszavonhatja a hozz\u00e1j\u00e1rul\u00e1s\u00e1t. Ilyen esetben az err\u0151l sz\u00f3l\u00f3 \u00e9rtes\u00edt\u00e9s k\u00e9zhezv\u00e9tel\u00e9t\u0151l sz\u00e1m\u00edtott 14 munkanapon bel\u00fcl t\u00f6r\u00f6lj\u00fck a szem\u00e9lyes adatait az adott adatkezel\u00e9shez kapcsol\u00f3d\u00f3an.<\/p>\n<p><strong>5.2. T\u00e1j\u00e9koztat\u00e1s k\u00e9r\u00e9se<\/strong><\/p>\n<p>T\u00e1j\u00e9koztat\u00e1st k\u00e9rhet arra vonatkoz\u00f3an, hogy szem\u00e9lyes adatainak kezel\u00e9se folyamatban van-e, \u00e9s ha igen: mi a c\u00e9lja, pontosan milyen adatok kezel\u00e9s\u00e9r\u0151l van sz\u00f3, kinek tov\u00e1bb\u00edtjuk ezeket az adatokat, meddig t\u00e1roljuk, milyen jogai \u00e9s jogorvoslati eszk\u00f6zei vannak ezzel kapcsolatban, kit\u0151l kaptuk az adatait, hozunk-e automatiz\u00e1lt d\u00f6nt\u00e9st a szem\u00e9lyes adatai felhaszn\u00e1l\u00e1s\u00e1val (ilyen esetekben arr\u00f3l is k\u00e9rhet t\u00e1j\u00e9koztat\u00e1st, hogy milyen logik\u00e1t (m\u00f3dszert) alkalmazunk, \u00e9s arr\u00f3l hogy az ilyen adatkezel\u00e9s milyen jelent\u0151s\u00e9ggel b\u00edr, milyen v\u00e1rhat\u00f3 k\u00f6vetkezm\u00e9nyekkel j\u00e1r).<\/p>\n<p>&#8211; Ha azt tapasztalta, hogy adatait nemzetk\u00f6zi szervezet, vagy harmadik orsz\u00e1g (nem uni\u00f3s tag\u00e1llam) fel\u00e9 tov\u00e1bb\u00edtottuk, \u00fagy k\u00e9rheti annak bemutat\u00e1st, hogy mi garant\u00e1lja szem\u00e9lyes adatai megfelel\u0151 kezel\u00e9s\u00e9t.<\/p>\n<p>&#8211; K\u00e9rhet m\u00e1solatot a kezelt szem\u00e9lyes adatair\u00f3l (A tov\u00e1bbi m\u00e1solatok\u00e9rt az adminisztrat\u00edv k\u00f6lts\u00e9geken alapul\u00f3 d\u00edjat sz\u00e1m\u00edthatunk fel.)<\/p>\n<p><strong>5.3. Helyesb\u00edt\u00e9s k\u00e9r\u00e9se<\/strong><\/p>\n<p>K\u00e9rheti, hogy jav\u00edtsuk, illetve eg\u00e9sz\u00edts\u00fck ki a pontatlanul, vagy hi\u00e1nyosan r\u00f6gz\u00edtett szem\u00e9lyes adat\u00e1t.<\/p>\n<p><strong>5.4. Elfeledtet\u00e9shez val\u00f3 jog (t\u00f6rl\u00e9s)<\/strong><\/p>\n<p>K\u00e9rheti, hogy t\u00f6r\u00f6lj\u00fck a szem\u00e9lyes adatait. K\u00e9r\u00e9s\u00e9t az al\u00e1bbi esetekben a k\u00e9r\u00e9s \u00e1tv\u00e9tel\u00e9t\u0151l sz\u00e1m\u00edtott 14 munkanapon bel\u00fcl teljes\u00edtj\u00fck:<\/p>\n<ol>\n<li>a) A szem\u00e9lyes adatokra m\u00e1r nincs sz\u00fcks\u00e9g abb\u00f3l a c\u00e9lb\u00f3l, amelyb\u0151l azokat kezelt\u00fck;<\/li>\n<li>b) A hozz\u00e1j\u00e1rul\u00e1sa alapj\u00e1n v\u00e9gzett adatkezel\u00e9sek eset\u00e9n;<\/li>\n<li>c) Ha meg\u00e1llap\u00edt\u00e1sra ker\u00fcl, hogy a szem\u00e9lyes adatokat jogellenesen kezelj\u00fck;<\/li>\n<li>d) Uni\u00f3s vagy hazai jogszab\u00e1ly el\u0151\u00edrja.<\/li>\n<\/ol>\n<p>T\u00e1j\u00e9koztatjuk, hogy az a), c) \u00e9s d) pontokban foglalt esetben a szem\u00e9lyes adatokat k\u00e9r\u00e9s n\u00e9lk\u00fcl is t\u00f6r\u00f6lj\u00fck.<\/p>\n<p>A szem\u00e9lyes adatokat <strong><u>nem t\u00f6r\u00f6lhetj\u00fck<\/u><\/strong>, amennyiben azokra sz\u00fcks\u00e9g van:<\/p>\n<ol>\n<li>a) a v\u00e9lem\u00e9nynyilv\u00e1n\u00edt\u00e1s szabads\u00e1g\u00e1hoz \u00e9s a t\u00e1j\u00e9koz\u00f3d\u00e1shoz val\u00f3 jog gyakorl\u00e1sa c\u00e9lj\u00e1b\u00f3l;<\/li>\n<li>b) a szem\u00e9lyes adatok kezel\u00e9s\u00e9t el\u0151\u00edr\u00f3, az adatkezel\u0151re alkalmazand\u00f3 uni\u00f3s vagy tag\u00e1llami jog szerinti k\u00f6telezetts\u00e9g teljes\u00edt\u00e9se, illetve k\u00f6z\u00e9rdekb\u0151l;<\/li>\n<li>c) a n\u00e9peg\u00e9szs\u00e9g\u00fcgy ter\u00fclet\u00e9t \u00e9rint\u0151 k\u00f6z\u00e9rdek alapj\u00e1n<\/li>\n<li>d) k\u00f6z\u00e9rdek\u0171 archiv\u00e1l\u00e1s c\u00e9lj\u00e1b\u00f3l, tudom\u00e1nyos \u00e9s t\u00f6rt\u00e9nelmi kutat\u00e1si c\u00e9lb\u00f3l vagy statisztikai c\u00e9lb\u00f3l, amennyiben a t\u00f6rl\u00e9s val\u00f3sz\u00edn\u0171s\u00edthet\u0151en lehetetlenn\u00e9 tenn\u00e9 vagy komolyan vesz\u00e9lyeztetn\u00e9 ezt az adatkezel\u00e9st; vagy<\/li>\n<li>e) jogi ig\u00e9nyek el\u0151terjeszt\u00e9s\u00e9hez, \u00e9rv\u00e9nyes\u00edt\u00e9s\u00e9hez, illetve v\u00e9delm\u00e9hez.<\/li>\n<\/ol>\n<p><strong>5.5. Adatkezel\u00e9s korl\u00e1toz\u00e1sa<\/strong><\/p>\n<p>K\u00e9rheti, hogy korl\u00e1tozzuk az adatkezel\u00e9st, ha az al\u00e1bbiak valamelyike teljes\u00fcl:<\/p>\n<p>&#8211; vitatja a szem\u00e9lyes adatok pontoss\u00e1g\u00e1t, ez esetben a korl\u00e1toz\u00e1s arra az id\u0151tartamra vonatkozik, am\u00edg ellen\u0151rizz\u00fck a szem\u00e9lyes adatok pontoss\u00e1g\u00e1t;<\/p>\n<p>&#8211; Az adatkezel\u00e9s jogellenes, de ellenzi az adatok t\u00f6rl\u00e9s\u00e9t, \u00e9s ehelyett k\u00e9ri azok felhaszn\u00e1l\u00e1s\u00e1nak korl\u00e1toz\u00e1s\u00e1t;<\/p>\n<p>&#8211; M\u00e1r nincs sz\u00fcks\u00e9g\u00fcnk a szem\u00e9lyes adatokra az adatkezel\u00e9s c\u00e9lj\u00e1b\u00f3l, de ig\u00e9nyli azokat jogi ig\u00e9nyek el\u0151terjeszt\u00e9s\u00e9hez, \u00e9rv\u00e9nyes\u00edt\u00e9s\u00e9hez vagy v\u00e9delm\u00e9hez;<\/p>\n<p>&#8211; tiltakozott az adatkezel\u00e9s ellen; ez esetben a korl\u00e1toz\u00e1s arra az id\u0151tartamra vonatkozik, am\u00edg meg\u00e1llap\u00edt\u00e1sra nem ker\u00fcl, hogy az Adatkezel\u0151 jogos indokai els\u0151bbs\u00e9get \u00e9lveznek-e az \u00d6n jogos indokaival szemben.<\/p>\n<p>Korl\u00e1toz\u00e1s eset\u00e9n a szem\u00e9lyes adatokat a t\u00e1rol\u00e1s kiv\u00e9tel\u00e9vel csak a hozz\u00e1j\u00e1rul\u00e1s\u00e1val, vagy jogi ig\u00e9nyek el\u0151terjeszt\u00e9s\u00e9hez, \u00e9rv\u00e9nyes\u00edt\u00e9s\u00e9hez vagy v\u00e9delm\u00e9hez, vagy m\u00e1s term\u00e9szetes vagy jogi szem\u00e9ly jogainak v\u00e9delme \u00e9rdek\u00e9ben, vagy az Uni\u00f3, illetve valamely tag\u00e1llam fontos k\u00f6z\u00e9rdek\u00e9b\u0151l lehet kezelni.<\/p>\n<p>A korl\u00e1toz\u00e1s esetleges felold\u00e1s\u00e1r\u00f3l el\u0151zetesen t\u00e1j\u00e9koztatjuk \u00d6nt.<\/p>\n<p><strong>5.6. Adathordozhat\u00f3s\u00e1ghoz val\u00f3 jog<\/strong><\/p>\n<p>Jogosult arra, hogy az \u00e1ltalunk kezelt szem\u00e9lyes adatait sz\u00e9les k\u00f6rben elterjedt form\u00e1tumban megkapja, tov\u00e1bb\u00e1 jogosult arra, hogy ezeket az adatokat egy m\u00e1sik adatkezel\u0151nek tov\u00e1bb\u00edtsa \u2013 vagy k\u00e9r\u00e9s\u00e9re \u2013 tov\u00e1bb\u00edtsuk, amennyiben az adatkezel\u00e9s kiz\u00e1r\u00f3lag az \u00d6n hozz\u00e1j\u00e1rul\u00e1s\u00e1n, vagy \u00d6nnel, vagy az \u00d6n \u00e9rdek\u00e9ben k\u00f6t\u00f6tt szerz\u0151d\u00e9sen alapul \u00e9s automatiz\u00e1lt m\u00f3don t\u00f6rt\u00e9nik.<\/p>\n<p>Az eml\u00edtett jog nem alkalmazand\u00f3 abban az esetben, ha az adatkezel\u00e9s k\u00f6z\u00e9rdek\u0171 feladat v\u00e9grehajt\u00e1s\u00e1hoz sz\u00fcks\u00e9ges. Nem s\u00e9rtheti a t\u00f6rl\u00e9shez val\u00f3 jogot \u00e9s nem \u00e9rintheti h\u00e1tr\u00e1nyosan m\u00e1sok jogait \u00e9s szabads\u00e1gait.<\/p>\n<p><strong>5.7. Tiltakoz\u00e1s szem\u00e9lyes adatok kezel\u00e9se ellen<\/strong><\/p>\n<p>Tiltakozhat a szem\u00e9lyes adatai kezel\u00e9se ellen:<\/p>\n<ul>\n<li>a k\u00f6z\u00e9rdek\u0171 \/ k\u00f6zhatalmi \u00e9s az \u00e9rdekm\u00e9rlegel\u00e9sen alapul\u00f3 jogalap eset\u00e9ben<\/li>\n<li>k\u00f6zvetlen \u00fczletszerz\u00e9si c\u00e9l eset\u00e9n<\/li>\n<li>k\u00f6zvetlen \u00fczletszerz\u00e9si c\u00e9l\u00fa profilalkot\u00e1s eset\u00e9ben.<\/li>\n<\/ul>\n<p>Amennyiben \u00d6n tiltakozik a szem\u00e9lyes adatai kezel\u00e9se ellen, \u00fagy a szem\u00e9lyes adatait a tiltakoz\u00e1sa \u00e1tv\u00e9tel\u00e9t\u0151l sz\u00e1m\u00edtott 14 munkanapon bel\u00fcl t\u00f6r\u00f6lj\u00fck. Kiv\u00e9telt k\u00e9pez az az eset, ha az adatkezel\u00e9st k\u00e9nyszer\u00edt\u0151 erej\u0171 jogos okok indokolj\u00e1k, ide\u00e9rtve a k\u00f6z\u00e9rdeket vagy azt az esetet, amikor az adatkezel\u00e9s jogi ig\u00e9nyek el\u0151terjeszt\u00e9s\u00e9hez, \u00e9rv\u00e9nyes\u00edt\u00e9s\u00e9hez vagy v\u00e9delm\u00e9hez sz\u00fcks\u00e9ges.<\/p>\n<ol start=\"6\">\n<li><strong> Jogorvoslati lehet\u0151s\u00e9gek<\/strong><\/li>\n<\/ol>\n<p><strong>6.1. Panasz bejelent\u00e9se a NAIH fel\u00e9<\/strong><\/p>\n<p>Amennyiben \u00d6n szerint az \u00d6nre vonatkoz\u00f3 szem\u00e9lyes adatok kezel\u00e9se ellent\u00e9tes az Adatv\u00e9delmi Rendelet el\u0151\u00edr\u00e1saival, \u00fagy jogosult panaszt tenni Nemzeti Adatv\u00e9delmi \u00e9s Inform\u00e1ci\u00f3biztons\u00e1gi Hat\u00f3s\u00e1gn\u00e1l (NAIH).<\/p>\n<p>NAIH<\/p>\n<p>levelez\u00e9si c\u00edm: 1534 Budapest, Pf.: 834<\/p>\n<p>c\u00edm: 1125 Budapest, Szil\u00e1gyi Erzs\u00e9bet fasor 22\/c<\/p>\n<p>Telefon: +36 (1) 391-1400<\/p>\n<p>Fax: +36 (1) 391-1410<\/p>\n<p>web: <a href=\"http:\/\/naih.hu\">http:\/\/naih.hu<\/a><\/p>\n<p>e-mail: <a href=\"mailto:ugyfelszolgalat@naih.hu\">ugyfelszolgalat@naih.hu<\/a><\/p>\n<p><strong>6.2. B\u00edr\u00f3s\u00e1g<\/strong><\/p>\n<p>Amennyiben \u00d6n szerint az \u00d6nre vonatkoz\u00f3 szem\u00e9lyes adatok kezel\u00e9se ellent\u00e9tes az Adatv\u00e9delmi Rendelet el\u0151\u00edr\u00e1saival \u00e9s ezzel megs\u00e9rtett\u00e9k az \u00d6n Adatv\u00e9delmi Rendeletben foglalt jogait, \u00fagy \u00d6n jogosult b\u00edr\u00f3s\u00e1ghoz fordulni.<\/p>\n<p>A b\u00edr\u00f3s\u00e1gi elj\u00e1r\u00e1sra az Adatv\u00e9delmi Rendeletben foglaltakon t\u00fal a Polg\u00e1ri T\u00f6rv\u00e9nyk\u00f6nyvr\u0151l sz\u00f3l\u00f3 2013. \u00e9vi V. t\u00f6rv\u00e9ny M\u00e1sodik K\u00f6nyv, harmadik r\u00e9sz, XII. C\u00edm\u00e9ben (2:51. \u00a7 &#8211; 2:54. \u00a7) foglaltak, valamint az egy\u00e9b a b\u00edr\u00f3s\u00e1gi elj\u00e1r\u00e1sra vonatkoz\u00f3 jogszab\u00e1lyi el\u0151\u00edr\u00e1sok ir\u00e1nyad\u00f3ak.<\/p>\n<p><strong>6.3. K\u00e1rt\u00e9r\u00edt\u00e9s \u00e9s s\u00e9relemd\u00edj<\/strong><\/p>\n<p>Ha az Adatkezel\u0151 az \u00e9rintett adatainak jogellenes kezel\u00e9s\u00e9vel k\u00e1rt okoz, vagy az \u00e9rintett szem\u00e9lyis\u00e9gi jog\u00e1t megs\u00e9rti, az Adatkezel\u0151t\u0151l s\u00e9relemd\u00edj k\u00f6vetelhet\u0151. Az adatkezel\u0151 mentes\u00fcl az okozott k\u00e1r\u00e9rt val\u00f3 felel\u0151ss\u00e9g \u00e9s a s\u00e9relemd\u00edj megfizet\u00e9s\u00e9nek k\u00f6telezetts\u00e9ge al\u00f3l, ha bizony\u00edtja, hogy a k\u00e1rt vagy az \u00e9rintett szem\u00e9lyis\u00e9gi jog\u00e1nak s\u00e9relm\u00e9t az adatkezel\u00e9s k\u00f6r\u00e9n k\u00edv\u00fcl es\u0151 elh\u00e1r\u00edthatatlan ok id\u00e9zte el\u0151.<\/p>\n<ol start=\"7\">\n<li><strong> Adatbiztons\u00e1g<\/strong><\/li>\n<\/ol>\n<p>A 17.sz. Programoz\u00f3hivatal Kft. a tudom\u00e1ny \u00e9s technol\u00f3gia \u00e1ll\u00e1sa \u00e9s a megval\u00f3s\u00edt\u00e1s k\u00f6lts\u00e9gei, tov\u00e1bb\u00e1 az adatkezel\u00e9s jellege, hat\u00f3k\u00f6re, k\u00f6r\u00fclm\u00e9nyei \u00e9s c\u00e9ljai, valamint a term\u00e9szetes szem\u00e9lyek jogaira \u00e9s szabads\u00e1gaira jelentett, v\u00e1ltoz\u00f3 val\u00f3sz\u00edn\u0171s\u00e9g\u0171 \u00e9s s\u00falyoss\u00e1g\u00fa kock\u00e1zat figyelembev\u00e9tel\u00e9vel megfelel\u0151 technikai \u00e9s szervez\u00e9si int\u00e9zked\u00e9seket hajt v\u00e9gre annak \u00e9rdek\u00e9ben, hogy a kock\u00e1zat m\u00e9rt\u00e9k\u00e9nek megfelel\u0151 szint\u0171 adatbiztons\u00e1got garant\u00e1lja.<\/p>\n<p>A biztons\u00e1g megfelel\u0151 szintj\u00e9nek meghat\u00e1roz\u00e1sakor kifejezetten figyelembe vessz\u00fck az adatkezel\u00e9sb\u0151l ered\u0151 olyan kock\u00e1zatokat, amelyek k\u00fcl\u00f6n\u00f6sen a tov\u00e1bb\u00edtott, t\u00e1rolt vagy m\u00e1s m\u00f3don kezelt szem\u00e9lyes adatok v\u00e9letlen vagy jogellenes megsemmis\u00edt\u00e9s\u00e9b\u0151l, elveszt\u00e9s\u00e9b\u0151l, megv\u00e1ltoztat\u00e1s\u00e1b\u00f3l, jogosulatlan nyilv\u00e1noss\u00e1gra hozatal\u00e1b\u00f3l vagy az azokhoz val\u00f3 jogosulatlan hozz\u00e1f\u00e9r\u00e9sb\u0151l erednek.<\/p>\n<p>A 17. sz. Programoz\u00f3hivatal Kft. int\u00e9zked\u00e9seket hoz annak biztos\u00edt\u00e1s\u00e1ra, hogy az ir\u00e1ny\u00edt\u00e1sa alatt elj\u00e1r\u00f3, a szem\u00e9lyes adatokhoz hozz\u00e1f\u00e9r\u00e9ssel rendelkez\u0151 term\u00e9szetes szem\u00e9lyek kiz\u00e1r\u00f3lag az adatkezel\u0151 utas\u00edt\u00e1s\u00e1nak megfelel\u0151en kezelhess\u00e9k az eml\u00edtett adatokat, kiv\u00e9ve, ha az ett\u0151l val\u00f3 elt\u00e9r\u00e9sre uni\u00f3s vagy tag\u00e1llami jog k\u00f6telezi \u0151ket.<\/p>\n<p>&nbsp;<\/p>\n<ol start=\"8\">\n<li><strong> Adatfeldolgoz\u00f3k<\/strong><\/li>\n<\/ol>\n<p>Az egyes adatkezel\u00e9sekn\u00e9l nem eml\u00edtett adatfeldolgoz\u00f3k:<\/p>\n<p>A honlapunk t\u00e1rhely\u00e9t a 3 in 1 Hosting Bt. (sz\u00e9khely: 2310 Szigetszentmikl\u00f3s, Brass\u00f3 utca 4\/A.) biztos\u00edtja;<\/p>\n<p>&nbsp;<\/p>\n<ol start=\"9\">\n<li><strong> Adattov\u00e1bb\u00edt\u00e1s<\/strong><\/li>\n<\/ol>\n<p>Kiz\u00e1r\u00f3lag a jelen Adatkezel\u00e9s T\u00e1j\u00e9koztat\u00f3ban jelzett adatfeldolgoz\u00f3k \u00e9s adatkezel\u0151k fel\u00e9 tov\u00e1bb\u00edtjuk az \u00d6n szem\u00e9lyes adatait, kiz\u00e1r\u00f3lag a jelen Adatkezel\u00e9s T\u00e1j\u00e9koztat\u00f3ban foglaltak szerint.<\/p>\n<p>Fenntartjuk a jogot, hogy a jogszab\u00e1lyban meghat\u00e1rozott esetekben az \u00e9rintett k\u00fcl\u00f6n hozz\u00e1j\u00e1rul\u00e1sa n\u00e9lk\u00fcl is, a kezelt szem\u00e9lyes adatokat az illet\u00e9kes hat\u00f3s\u00e1gok, b\u00edr\u00f3s\u00e1gok r\u00e9sz\u00e9re azok megkeres\u00e9s\u00e9nek megfelel\u0151en \u00e1tadjuk.<\/p>\n<p>&nbsp;<\/p>\n<ol start=\"10\">\n<li><strong> Egy\u00e9b<\/strong><\/li>\n<\/ol>\n<p>Az Adatkezel\u0151 b\u00e1rmikor jogosult jelen Adatkezel\u00e9si T\u00e1j\u00e9koztat\u00f3 foglaltakat m\u00f3dos\u00edtani. Az esetleges m\u00f3dos\u00edt\u00e1s a honlapon val\u00f3 megjelen\u00e9ssel egyidej\u0171leg l\u00e9p hat\u00e1lyba, a v\u00e1ltoz\u00e1sr\u00f3l a honlapon felugr\u00f3 ablakban h\u00edvjuk fel a figyelmet.<\/p>\n<p>Utols\u00f3 friss\u00edt\u00e9s: 2023 Febru\u00e1r<\/p>\n<p>[\/et_pb_text][\/et_pb_column][\/et_pb_row][\/et_pb_section]<\/p>\n","protected":false},"excerpt":{"rendered":"<p>[et_pb_section fb_built=&#8221;1&#8243; admin_label=&#8221;section&#8221; _builder_version=&#8221;3.22&#8243;][et_pb_row admin_label=&#8221;row&#8221; _builder_version=&#8221;3.25&#8243; background_size=&#8221;initial&#8221; background_position=&#8221;top_left&#8221; background_repeat=&#8221;repeat&#8221;][et_pb_column type=&#8221;4_4&#8243; _builder_version=&#8221;3.25&#8243; custom_padding=&#8221;|||&#8221; custom_padding__hover=&#8221;|||&#8221;][et_pb_text admin_label=&#8221;Text&#8221; _builder_version=&#8221;4.9.1&#8243; background_size=&#8221;initial&#8221; background_position=&#8221;top_left&#8221; background_repeat=&#8221;repeat&#8221; hover_enabled=&#8221;0&#8243; sticky_enabled=&#8221;0&#8243;] ADATKEZEL\u00c9SI T\u00c1J\u00c9KOZTAT\u00d3 ADATKEZEL\u0150 C\u00e9g neve:\u00a0\u00a0\u00a0\u00a0\u00a0\u00a0 17. sz. Programoz\u00f3hivatal Kft. Sz\u00e9khelye: \u00a0\u00a0\u00a0 1172 Budapest, J\u00e1szlad\u00e1ny u. 24. Telephelye:\u00a0\u00a0\u00a0 1033 Budapest, H\u00e9v\u00edzi \u00fat 1\/A Telefonsz\u00e1ma: \u00a0\u00a0\u00a0\u00a0\u00a0\u00a0\u00a0\u00a0\u00a0 36 1 413 72 34 Ad\u00f3sz\u00e1m: \u00a0\u00a0\u00a0\u00a0\u00a0 \u00a0\u00a0\u00a0\u00a0\u00a0\u00a0\u00a0\u00a0\u00a0\u00a0\u00a0 12708413-2-42 C\u00e9gjegyz\u00e9k sz\u00e1m: [&hellip;]<\/p>\n","protected":false},"author":1,"featured_media":0,"parent":0,"menu_order":0,"comment_status":"closed","ping_status":"open","template":"","meta":{"_et_pb_use_builder":"on","_et_pb_old_content":"<!-- wp:heading --><h2>Who we are<\/h2><!-- \/wp:heading --><!-- wp:paragraph --><p><strong class=\"privacy-policy-tutorial\">Suggested text: <\/strong>Our website address is: https:\/\/www.programozotegyorara.hu\/staging\/scriptorsfa.<\/p><!-- \/wp:paragraph --><!-- wp:heading --><h2>Comments<\/h2><!-- \/wp:heading --><!-- wp:paragraph --><p><strong class=\"privacy-policy-tutorial\">Suggested text: <\/strong>When visitors leave comments on the site we collect the data shown in the comments form, and also the visitor&#8217;s IP address and browser user agent string to help spam detection.<\/p><!-- \/wp:paragraph --><!-- wp:paragraph --><p>An anonymized string created from your email address (also called a hash) may be provided to the Gravatar service to see if you are using it. The Gravatar service privacy policy is available here: https:\/\/automattic.com\/privacy\/. After approval of your comment, your profile picture is visible to the public in the context of your comment.<\/p><!-- \/wp:paragraph --><!-- wp:heading --><h2>Media<\/h2><!-- \/wp:heading --><!-- wp:paragraph --><p><strong class=\"privacy-policy-tutorial\">Suggested text: <\/strong>If you upload images to the website, you should avoid uploading images with embedded location data (EXIF GPS) included. Visitors to the website can download and extract any location data from images on the website.<\/p><!-- \/wp:paragraph --><!-- wp:heading --><h2>Cookies<\/h2><!-- \/wp:heading --><!-- wp:paragraph --><p><strong class=\"privacy-policy-tutorial\">Suggested text: <\/strong>If you leave a comment on our site you may opt-in to saving your name, email address and website in cookies. These are for your convenience so that you do not have to fill in your details again when you leave another comment. These cookies will last for one year.<\/p><!-- \/wp:paragraph --><!-- wp:paragraph --><p>If you visit our login page, we will set a temporary cookie to determine if your browser accepts cookies. This cookie contains no personal data and is discarded when you close your browser.<\/p><!-- \/wp:paragraph --><!-- wp:paragraph --><p>When you log in, we will also set up several cookies to save your login information and your screen display choices. Login cookies last for two days, and screen options cookies last for a year. If you select &quot;Remember Me&quot;, your login will persist for two weeks. If you log out of your account, the login cookies will be removed.<\/p><!-- \/wp:paragraph --><!-- wp:paragraph --><p>If you edit or publish an article, an additional cookie will be saved in your browser. This cookie includes no personal data and simply indicates the post ID of the article you just edited. It expires after 1 day.<\/p><!-- \/wp:paragraph --><!-- wp:heading --><h2>Embedded content from other websites<\/h2><!-- \/wp:heading --><!-- wp:paragraph --><p><strong class=\"privacy-policy-tutorial\">Suggested text: <\/strong>Articles on this site may include embedded content (e.g. videos, images, articles, etc.). Embedded content from other websites behaves in the exact same way as if the visitor has visited the other website.<\/p><!-- \/wp:paragraph --><!-- wp:paragraph --><p>These websites may collect data about you, use cookies, embed additional third-party tracking, and monitor your interaction with that embedded content, including tracking your interaction with the embedded content if you have an account and are logged in to that website.<\/p><!-- \/wp:paragraph --><!-- wp:heading --><h2>Who we share your data with<\/h2><!-- \/wp:heading --><!-- wp:paragraph --><p><strong class=\"privacy-policy-tutorial\">Suggested text: <\/strong>If you request a password reset, your IP address will be included in the reset email.<\/p><!-- \/wp:paragraph --><!-- wp:heading --><h2>How long we retain your data<\/h2><!-- \/wp:heading --><!-- wp:paragraph --><p><strong class=\"privacy-policy-tutorial\">Suggested text: <\/strong>If you leave a comment, the comment and its metadata are retained indefinitely. This is so we can recognize and approve any follow-up comments automatically instead of holding them in a moderation queue.<\/p><!-- \/wp:paragraph --><!-- wp:paragraph --><p>For users that register on our website (if any), we also store the personal information they provide in their user profile. All users can see, edit, or delete their personal information at any time (except they cannot change their username). Website administrators can also see and edit that information.<\/p><!-- \/wp:paragraph --><!-- wp:heading --><h2>What rights you have over your data<\/h2><!-- \/wp:heading --><!-- wp:paragraph --><p><strong class=\"privacy-policy-tutorial\">Suggested text: <\/strong>If you have an account on this site, or have left comments, you can request to receive an exported file of the personal data we hold about you, including any data you have provided to us. You can also request that we erase any personal data we hold about you. This does not include any data we are obliged to keep for administrative, legal, or security purposes.<\/p><!-- \/wp:paragraph --><!-- wp:heading --><h2>Where we send your data<\/h2><!-- \/wp:heading --><!-- wp:paragraph --><p><strong class=\"privacy-policy-tutorial\">Suggested text: <\/strong>Visitor comments may be checked through an automated spam detection service.<\/p><!-- \/wp:paragraph -->","_et_gb_content_width":"","footnotes":""},"class_list":["post-3","page","type-page","status-publish","hentry"],"yoast_head":"<!-- This site is optimized with the Yoast SEO plugin v23.8 - https:\/\/yoast.com\/wordpress\/plugins\/seo\/ -->\n<title>Privacy Policy - Scriptor SFA<\/title>\n<meta name=\"robots\" content=\"index, follow, max-snippet:-1, max-image-preview:large, max-video-preview:-1\" \/>\n<link rel=\"canonical\" href=\"https:\/\/www.scriptorsfa.com\/index.php\/privacy-policy\/\" \/>\n<meta property=\"og:locale\" content=\"en_US\" \/>\n<meta property=\"og:type\" content=\"article\" \/>\n<meta property=\"og:title\" content=\"Privacy Policy - Scriptor SFA\" \/>\n<meta property=\"og:description\" content=\"[et_pb_section fb_built=&#8221;1&#8243; admin_label=&#8221;section&#8221; _builder_version=&#8221;3.22&#8243;][et_pb_row admin_label=&#8221;row&#8221; _builder_version=&#8221;3.25&#8243; background_size=&#8221;initial&#8221; background_position=&#8221;top_left&#8221; background_repeat=&#8221;repeat&#8221;][et_pb_column type=&#8221;4_4&#8243; _builder_version=&#8221;3.25&#8243; custom_padding=&#8221;|||&#8221; custom_padding__hover=&#8221;|||&#8221;][et_pb_text admin_label=&#8221;Text&#8221; _builder_version=&#8221;4.9.1&#8243; background_size=&#8221;initial&#8221; background_position=&#8221;top_left&#8221; background_repeat=&#8221;repeat&#8221; hover_enabled=&#8221;0&#8243; sticky_enabled=&#8221;0&#8243;] ADATKEZEL\u00c9SI T\u00c1J\u00c9KOZTAT\u00d3 ADATKEZEL\u0150 C\u00e9g neve:\u00a0\u00a0\u00a0\u00a0\u00a0\u00a0 17. sz. Programoz\u00f3hivatal Kft. Sz\u00e9khelye: \u00a0\u00a0\u00a0 1172 Budapest, J\u00e1szlad\u00e1ny u. 24. Telephelye:\u00a0\u00a0\u00a0 1033 Budapest, H\u00e9v\u00edzi \u00fat 1\/A Telefonsz\u00e1ma: \u00a0\u00a0\u00a0\u00a0\u00a0\u00a0\u00a0\u00a0\u00a0 36 1 413 72 34 Ad\u00f3sz\u00e1m: \u00a0\u00a0\u00a0\u00a0\u00a0 \u00a0\u00a0\u00a0\u00a0\u00a0\u00a0\u00a0\u00a0\u00a0\u00a0\u00a0 12708413-2-42 C\u00e9gjegyz\u00e9k sz\u00e1m: [&hellip;]\" \/>\n<meta property=\"og:url\" content=\"https:\/\/www.scriptorsfa.com\/index.php\/privacy-policy\/\" \/>\n<meta property=\"og:site_name\" content=\"Scriptor SFA\" \/>\n<meta property=\"article:modified_time\" content=\"2023-02-20T09:43:57+00:00\" \/>\n<meta name=\"twitter:card\" content=\"summary_large_image\" \/>\n<meta name=\"twitter:label1\" content=\"Est. reading time\" \/>\n\t<meta name=\"twitter:data1\" content=\"22 minutes\" \/>\n<script type=\"application\/ld+json\" class=\"yoast-schema-graph\">{\"@context\":\"https:\/\/schema.org\",\"@graph\":[{\"@type\":\"WebPage\",\"@id\":\"https:\/\/www.scriptorsfa.com\/index.php\/privacy-policy\/\",\"url\":\"https:\/\/www.scriptorsfa.com\/index.php\/privacy-policy\/\",\"name\":\"Privacy Policy - Scriptor SFA\",\"isPartOf\":{\"@id\":\"https:\/\/www.scriptorsfa.com\/#website\"},\"datePublished\":\"2022-02-02T13:59:09+00:00\",\"dateModified\":\"2023-02-20T09:43:57+00:00\",\"breadcrumb\":{\"@id\":\"https:\/\/www.scriptorsfa.com\/index.php\/privacy-policy\/#breadcrumb\"},\"inLanguage\":\"en-US\",\"potentialAction\":[{\"@type\":\"ReadAction\",\"target\":[\"https:\/\/www.scriptorsfa.com\/index.php\/privacy-policy\/\"]}]},{\"@type\":\"BreadcrumbList\",\"@id\":\"https:\/\/www.scriptorsfa.com\/index.php\/privacy-policy\/#breadcrumb\",\"itemListElement\":[{\"@type\":\"ListItem\",\"position\":1,\"name\":\"Home\",\"item\":\"https:\/\/www.scriptorsfa.com\/\"},{\"@type\":\"ListItem\",\"position\":2,\"name\":\"Privacy Policy\"}]},{\"@type\":\"WebSite\",\"@id\":\"https:\/\/www.scriptorsfa.com\/#website\",\"url\":\"https:\/\/www.scriptorsfa.com\/\",\"name\":\"Scriptor SFA\",\"description\":\"A market-leading mobile SFA platform in the pharmaceutical and FMCG sector\",\"potentialAction\":[{\"@type\":\"SearchAction\",\"target\":{\"@type\":\"EntryPoint\",\"urlTemplate\":\"https:\/\/www.scriptorsfa.com\/?s={search_term_string}\"},\"query-input\":{\"@type\":\"PropertyValueSpecification\",\"valueRequired\":true,\"valueName\":\"search_term_string\"}}],\"inLanguage\":\"en-US\"}]}<\/script>\n<!-- \/ Yoast SEO plugin. -->","yoast_head_json":{"title":"Privacy Policy - Scriptor SFA","robots":{"index":"index","follow":"follow","max-snippet":"max-snippet:-1","max-image-preview":"max-image-preview:large","max-video-preview":"max-video-preview:-1"},"canonical":"https:\/\/www.scriptorsfa.com\/index.php\/privacy-policy\/","og_locale":"en_US","og_type":"article","og_title":"Privacy Policy - Scriptor SFA","og_description":"[et_pb_section fb_built=&#8221;1&#8243; admin_label=&#8221;section&#8221; _builder_version=&#8221;3.22&#8243;][et_pb_row admin_label=&#8221;row&#8221; _builder_version=&#8221;3.25&#8243; background_size=&#8221;initial&#8221; background_position=&#8221;top_left&#8221; background_repeat=&#8221;repeat&#8221;][et_pb_column type=&#8221;4_4&#8243; _builder_version=&#8221;3.25&#8243; custom_padding=&#8221;|||&#8221; custom_padding__hover=&#8221;|||&#8221;][et_pb_text admin_label=&#8221;Text&#8221; _builder_version=&#8221;4.9.1&#8243; background_size=&#8221;initial&#8221; background_position=&#8221;top_left&#8221; background_repeat=&#8221;repeat&#8221; hover_enabled=&#8221;0&#8243; sticky_enabled=&#8221;0&#8243;] ADATKEZEL\u00c9SI T\u00c1J\u00c9KOZTAT\u00d3 ADATKEZEL\u0150 C\u00e9g neve:\u00a0\u00a0\u00a0\u00a0\u00a0\u00a0 17. sz. Programoz\u00f3hivatal Kft. Sz\u00e9khelye: \u00a0\u00a0\u00a0 1172 Budapest, J\u00e1szlad\u00e1ny u. 24. Telephelye:\u00a0\u00a0\u00a0 1033 Budapest, H\u00e9v\u00edzi \u00fat 1\/A Telefonsz\u00e1ma: \u00a0\u00a0\u00a0\u00a0\u00a0\u00a0\u00a0\u00a0\u00a0 36 1 413 72 34 Ad\u00f3sz\u00e1m: \u00a0\u00a0\u00a0\u00a0\u00a0 \u00a0\u00a0\u00a0\u00a0\u00a0\u00a0\u00a0\u00a0\u00a0\u00a0\u00a0 12708413-2-42 C\u00e9gjegyz\u00e9k sz\u00e1m: [&hellip;]","og_url":"https:\/\/www.scriptorsfa.com\/index.php\/privacy-policy\/","og_site_name":"Scriptor SFA","article_modified_time":"2023-02-20T09:43:57+00:00","twitter_card":"summary_large_image","twitter_misc":{"Est. reading time":"22 minutes"},"schema":{"@context":"https:\/\/schema.org","@graph":[{"@type":"WebPage","@id":"https:\/\/www.scriptorsfa.com\/index.php\/privacy-policy\/","url":"https:\/\/www.scriptorsfa.com\/index.php\/privacy-policy\/","name":"Privacy Policy - Scriptor SFA","isPartOf":{"@id":"https:\/\/www.scriptorsfa.com\/#website"},"datePublished":"2022-02-02T13:59:09+00:00","dateModified":"2023-02-20T09:43:57+00:00","breadcrumb":{"@id":"https:\/\/www.scriptorsfa.com\/index.php\/privacy-policy\/#breadcrumb"},"inLanguage":"en-US","potentialAction":[{"@type":"ReadAction","target":["https:\/\/www.scriptorsfa.com\/index.php\/privacy-policy\/"]}]},{"@type":"BreadcrumbList","@id":"https:\/\/www.scriptorsfa.com\/index.php\/privacy-policy\/#breadcrumb","itemListElement":[{"@type":"ListItem","position":1,"name":"Home","item":"https:\/\/www.scriptorsfa.com\/"},{"@type":"ListItem","position":2,"name":"Privacy Policy"}]},{"@type":"WebSite","@id":"https:\/\/www.scriptorsfa.com\/#website","url":"https:\/\/www.scriptorsfa.com\/","name":"Scriptor SFA","description":"A market-leading mobile SFA platform in the pharmaceutical and FMCG sector","potentialAction":[{"@type":"SearchAction","target":{"@type":"EntryPoint","urlTemplate":"https:\/\/www.scriptorsfa.com\/?s={search_term_string}"},"query-input":{"@type":"PropertyValueSpecification","valueRequired":true,"valueName":"search_term_string"}}],"inLanguage":"en-US"}]}},"_links":{"self":[{"href":"https:\/\/www.scriptorsfa.com\/index.php\/wp-json\/wp\/v2\/pages\/3","targetHints":{"allow":["GET"]}}],"collection":[{"href":"https:\/\/www.scriptorsfa.com\/index.php\/wp-json\/wp\/v2\/pages"}],"about":[{"href":"https:\/\/www.scriptorsfa.com\/index.php\/wp-json\/wp\/v2\/types\/page"}],"author":[{"embeddable":true,"href":"https:\/\/www.scriptorsfa.com\/index.php\/wp-json\/wp\/v2\/users\/1"}],"replies":[{"embeddable":true,"href":"https:\/\/www.scriptorsfa.com\/index.php\/wp-json\/wp\/v2\/comments?post=3"}],"version-history":[{"count":4,"href":"https:\/\/www.scriptorsfa.com\/index.php\/wp-json\/wp\/v2\/pages\/3\/revisions"}],"predecessor-version":[{"id":297,"href":"https:\/\/www.scriptorsfa.com\/index.php\/wp-json\/wp\/v2\/pages\/3\/revisions\/297"}],"wp:attachment":[{"href":"https:\/\/www.scriptorsfa.com\/index.php\/wp-json\/wp\/v2\/media?parent=3"}],"curies":[{"name":"wp","href":"https:\/\/api.w.org\/{rel}","templated":true}]}}